{"id":153,"date":"2012-10-19T21:01:40","date_gmt":"2012-10-19T20:01:40","guid":{"rendered":"http:\/\/www.srcernay-natation.fr\/?page_id=153"},"modified":"2019-08-07T16:44:18","modified_gmt":"2019-08-07T15:44:18","slug":"le-comite","status":"publish","type":"page","link":"http:\/\/www.srcernay-natation.fr\/?page_id=153","title":{"rendered":"Comit\u00e9 et encadrement"},"content":{"rendered":"\n<div class=\"wp-block-columns has-3-columns is-layout-flex wp-container-core-columns-is-layout-9d6595d7 wp-block-columns-is-layout-flex\">\n<div class=\"wp-block-column is-layout-flow wp-block-column-is-layout-flow\">\n<div class=\"wp-block-button\"><a class=\"wp-block-button__link has-background has-luminous-vivid-amber-background-color\">Le club<\/a><\/div>\n<\/div>\n\n\n\n<div class=\"wp-block-column is-layout-flow wp-block-column-is-layout-flow\">\n<div class=\"wp-block-button is-style-outline is-style-outline--1\"><a class=\"wp-block-button__link has-background has-vivid-green-cyan-background-color\" href=\"http:\/\/www.srcernay-natation.fr\/?page_id=153\">Encadrants<\/a><\/div>\n<\/div>\n\n\n\n<div class=\"wp-block-column is-layout-flow wp-block-column-is-layout-flow\">\n<div class=\"wp-block-button\"><a class=\"wp-block-button__link has-background has-vivid-cyan-blue-background-color\" href=\"http:\/\/www.srcernay-natation.fr\/?page_id=138\">Partenaires<\/a><\/div>\n<\/div>\n<\/div>\n\n\n<p>Comit\u00e9 2019<\/p>\n<p><a href=\"http:\/\/www.srcernay-natation.fr\/wp-content\/uploads\/2019\/08\/7A3D1B09-574B-4A95-B7CF-1B112AB545BF.jpeg\"><img loading=\"lazy\" decoding=\"async\" data-attachment-id=\"2675\" data-permalink=\"http:\/\/www.srcernay-natation.fr\/?attachment_id=2675\" data-orig-file=\"http:\/\/www.srcernay-natation.fr\/wp-content\/uploads\/2019\/08\/7A3D1B09-574B-4A95-B7CF-1B112AB545BF.jpeg\" data-orig-size=\"4032,3024\" data-comments-opened=\"1\" data-image-meta=\"{&quot;aperture&quot;:&quot;0&quot;,&quot;credit&quot;:&quot;&quot;,&quot;camera&quot;:&quot;&quot;,&quot;caption&quot;:&quot;&quot;,&quot;created_timestamp&quot;:&quot;0&quot;,&quot;copyright&quot;:&quot;&quot;,&quot;focal_length&quot;:&quot;0&quot;,&quot;iso&quot;:&quot;0&quot;,&quot;shutter_speed&quot;:&quot;0&quot;,&quot;title&quot;:&quot;&quot;,&quot;orientation&quot;:&quot;1&quot;}\" data-image-title=\"7A3D1B09-574B-4A95-B7CF-1B112AB545BF\" data-image-description=\"\" data-image-caption=\"\" data-large-file=\"http:\/\/www.srcernay-natation.fr\/wp-content\/uploads\/2019\/08\/7A3D1B09-574B-4A95-B7CF-1B112AB545BF-1024x768.jpeg\" class=\"alignnone wp-image-2675 size-full\" src=\"http:\/\/www.srcernay-natation.fr\/wp-content\/uploads\/2019\/08\/7A3D1B09-574B-4A95-B7CF-1B112AB545BF.jpeg\" alt=\"\" width=\"4032\" height=\"3024\" srcset=\"http:\/\/www.srcernay-natation.fr\/wp-content\/uploads\/2019\/08\/7A3D1B09-574B-4A95-B7CF-1B112AB545BF.jpeg 4032w, http:\/\/www.srcernay-natation.fr\/wp-content\/uploads\/2019\/08\/7A3D1B09-574B-4A95-B7CF-1B112AB545BF-300x225.jpeg 300w, http:\/\/www.srcernay-natation.fr\/wp-content\/uploads\/2019\/08\/7A3D1B09-574B-4A95-B7CF-1B112AB545BF-768x576.jpeg 768w, http:\/\/www.srcernay-natation.fr\/wp-content\/uploads\/2019\/08\/7A3D1B09-574B-4A95-B7CF-1B112AB545BF-1024x768.jpeg 1024w\" sizes=\"auto, (max-width: 4032px) 100vw, 4032px\" \/><\/a><\/p>\n<p style=\"text-align: center;\"><span style=\"text-decoration: underline;\"><strong>Composition du Comit\u00e9:<\/strong><\/span><\/p>\n<p style=\"text-align: left;\"><span style=\"text-decoration: underline;\"><strong><span style=\"color: #000000; text-decoration: underline;\">De gauche \u00e0 droite assises:<\/span> <\/strong><\/span><\/p>\n<p style=\"text-align: left;\">Mmes\u00a0 Jennifer MOUTH (Assesseur) , Mariette HERTRICH (Animatrice) , Cynthia NEUVILLE (R\u00e9f\u00e9rent officiels) , Alexandra BLUM (Vice-Pr\u00e9sidente) , Chantal G\u00c4NGLER (Tr\u00e9sori\u00e8re) , Rachel RINCK (Secr\u00e9taire)<\/p>\n<p style=\"text-align: left;\"><span style=\"color: #000000;\"><strong><span style=\"text-decoration: underline;\">Debout:<\/span><\/strong><\/span><\/p>\n<p style=\"text-align: center;\">Mrs\u00a0 Steve G\u00c4NGLER\u00a0 (Entra\u00eeneur) , Jean-Claude G\u00c4NGLER (Pr\u00e9sident) , Jean-Marc HERTRICH (Vice-Pr\u00e9sident) , Fran\u00e7ois HAUSSER (Assesseur)<\/p>\n<p><span style=\"text-decoration: underline; color: #000000;\"><strong>R\u00e9f\u00e9rent Site:<\/strong><\/span><\/p>\n<p style=\"text-align: center;\">Gr\u00e9gory G\u00c4NGLER<\/p>","protected":false},"excerpt":{"rendered":"<p>Comit\u00e9 2019 Composition du Comit\u00e9: De gauche \u00e0 droite assises: Mmes\u00a0 Jennifer MOUTH (Assesseur) , Mariette HERTRICH (Animatrice) , Cynthia NEUVILLE (R\u00e9f\u00e9rent officiels) , Alexandra BLUM (Vice-Pr\u00e9sidente) , Chantal G\u00c4NGLER (Tr\u00e9sori\u00e8re) , Rachel RINCK (Secr\u00e9taire) Debout: Mrs\u00a0 Steve G\u00c4NGLER\u00a0 (Entra\u00eeneur) , Jean-Claude G\u00c4NGLER (Pr\u00e9sident) , Jean-Marc HERTRICH (Vice-Pr\u00e9sident) , Fran\u00e7ois HAUSSER (Assesseur) R\u00e9f\u00e9rent Site: Gr\u00e9gory [&hellip;]<\/p>\n","protected":false},"author":3,"featured_media":0,"parent":2476,"menu_order":1,"comment_status":"closed","ping_status":"closed","template":"","meta":{"jetpack_post_was_ever_published":false,"footnotes":""},"class_list":["post-153","page","type-page","status-publish","hentry"],"jetpack_sharing_enabled":true,"jetpack_shortlink":"https:\/\/wp.me\/P2O9pL-2t","jetpack_likes_enabled":true,"jetpack-related-posts":[],"_links":{"self":[{"href":"http:\/\/www.srcernay-natation.fr\/index.php?rest_route=\/wp\/v2\/pages\/153","targetHints":{"allow":["GET"]}}],"collection":[{"href":"http:\/\/www.srcernay-natation.fr\/index.php?rest_route=\/wp\/v2\/pages"}],"about":[{"href":"http:\/\/www.srcernay-natation.fr\/index.php?rest_route=\/wp\/v2\/types\/page"}],"author":[{"embeddable":true,"href":"http:\/\/www.srcernay-natation.fr\/index.php?rest_route=\/wp\/v2\/users\/3"}],"replies":[{"embeddable":true,"href":"http:\/\/www.srcernay-natation.fr\/index.php?rest_route=%2Fwp%2Fv2%2Fcomments&post=153"}],"version-history":[{"count":42,"href":"http:\/\/www.srcernay-natation.fr\/index.php?rest_route=\/wp\/v2\/pages\/153\/revisions"}],"predecessor-version":[{"id":2707,"href":"http:\/\/www.srcernay-natation.fr\/index.php?rest_route=\/wp\/v2\/pages\/153\/revisions\/2707"}],"up":[{"embeddable":true,"href":"http:\/\/www.srcernay-natation.fr\/index.php?rest_route=\/wp\/v2\/pages\/2476"}],"wp:attachment":[{"href":"http:\/\/www.srcernay-natation.fr\/index.php?rest_route=%2Fwp%2Fv2%2Fmedia&parent=153"}],"curies":[{"name":"wp","href":"https:\/\/api.w.org\/{rel}","templated":true}]}}